{"id":751,"date":"2021-03-15T16:04:36","date_gmt":"2021-03-15T16:04:36","guid":{"rendered":"https:\/\/ewatts-tech.com\/e-watts\/"},"modified":"2021-06-02T18:22:58","modified_gmt":"2021-06-02T16:22:58","slug":"e-watts","status":"publish","type":"page","link":"https:\/\/ewatts-tech.com\/ca\/e-watts\/","title":{"rendered":"e-Watts"},"content":{"rendered":"\n<div class=\"wp-block-ewatts-blocks-destacado  mod_destacat var_bg_gris call_to_action_0\"><div class=\"inner maq_marges_horitzontals maq_marges_verticals\"><div class=\"maq_contenidor\"><h2 class=\"com_titular_1 \">e-Watts<\/h2><div class=\"text\"><p>e-Watts\u00ae \u00e9s una empresa especialista en Tecnologia Electroqu\u00edmica amb \u201cSolucions Mediambientals, T\u00e8cnica i Econ\u00f2micament viables, enfocades a l&#8217;Economia Circular&#8221;.<\/p><\/div><\/div><\/div><\/div>\n\n\n\n<div class=\"wp-block-ewatts-blocks-desplegable mod_desplegables\"><div class=\"maq_marges_verticals  maq_marges_horitzontals\"><div class=\"maq_contenidor\">\n<div class=\"wp-block-ewatts-blocks-desplegable-in item\"><div class=\"pregunta com_titular_3\"><span class=\"icon-plus\"><\/span><p>e-Watts<\/p><\/div><div class=\"resposta\">\n<p>e- Watts\u00ae \u00e9s una empresa especialista en Tecnologia Electroqu\u00edmica amb \u201cSolucions Mediambientals, T\u00e8cnica i Econ\u00f2micament viables, enfocades a l&#8217;Economia Circular&#8221;.&nbsp;<\/p>\n\n\n\n<ul class=\"wp-block-list\"><li>Minimitzaci\u00f3 \/ Recuperaci\u00f3 d&#8217;Aig\u00fces.<\/li><li>Minimitzaci\u00f3 \/ Valoritzaci\u00f3 de Residus.<\/li><li>Cogeneraci\u00f3 energ\u00e8tica \/ Hidrogen.&nbsp;<\/li><\/ul>\n\n\n\n<p><\/p>\n\n\n\n<p><strong>e- Watts\u00ae Technologies S.L.-<\/strong>&nbsp;Empresa especialitzada en tecnologia Electroqu\u00edmica amb m\u00e9s de&nbsp;30&nbsp;anys d&#8217;experi\u00e8ncia.&nbsp;Desenvolupament&nbsp;de noves tecnologies (R+D, patents tecnol\u00f2giques) i projectes d&#8217;enginyeria enfocats al tractament \/ recuperaci\u00f3 de; aig\u00fces de proc\u00e9s, aig\u00fces residuals, regeneraci\u00f3 de solucions de rentada de gasos, minimitzaci\u00f3 i valoritzaci\u00f3 de residus i producci\u00f3 o cogeneraci\u00f3 d&#8217;Hidrogen.<\/p>\n<\/div><\/div>\n\n\n\n<div class=\"wp-block-ewatts-blocks-desplegable-in item\"><div class=\"pregunta com_titular_3\"><span class=\"icon-plus\"><\/span><p>Objectius de l&#8217;empresa<\/p><\/div><div class=\"resposta\">\n<p>Objectiu general:&nbsp;<\/p>\n\n\n\n<h2 class=\"is-style-com_titular_3_blau wp-block-heading\"><strong>\u201cGARANTIR Al CLIENT UNA SOLUCI\u00d3 TECNOL\u00d2GICAMENT EFICA\u00c7 I RESPECTUOSA AMB EL MEDI AMBIENT \u201c&nbsp;&nbsp;<\/strong>&nbsp;<\/h2>\n\n\n\n<p>01_ Tractaments eficients i respectuosos amb el medi ambient.&nbsp;&nbsp;<\/p>\n\n\n\n<p>02_ Viabilitat Econ\u00f2mica \/ Retorn d&#8217;Inversi\u00f3.&nbsp;<\/p>\n\n\n\n<p>03_ M\u00e0xima recuperaci\u00f3 d&#8217;efluents.&nbsp;<\/p>\n\n\n\n<p>04_ M\u00ednima o nul\u00b7la generaci\u00f3 de residus.<\/p>\n\n\n\n<p>05_ Recuperaci\u00f3 i\/o valoritzaci\u00f3 d&#8217;aig\u00fces i residus dins del propi proc\u00e9s.<\/p>\n<\/div><\/div>\n<\/div><\/div><\/div>\n\n\n\n<div class=\"wp-block-ewatts-blocks-team mod_equipo\"><div class=\"maq_marges_verticals  maq_marges_horitzontals\"><div class=\"maq_contenidor\"><h2 class=\"com_titular_2 \">El Nostre Equip<\/h2><div class=\"maq_columnas cols_3 gutterPlus\">\n<div class=\"wp-block-ewatts-blocks-profesional maq_col\"><img decoding=\"async\" src=\"https:\/\/ewatts-tech.com\/wp-content\/uploads\/2021\/04\/Miquel_Blasi_eWatts_500px.jpg\"\/><p class=\"com_titular_3 \">Miquel Blasi<\/p><p class=\"carrec \">CEO \/ Director Cient\u00edfic<br><span class=\"has-inline-color has-black-color\">Bi\u00f2leg (Universitat Barcelona)<br>Direcci\u00f3 Financera (EADA)<\/span><\/p><p>\u00c0mplia experi\u00e8ncia com a empresari i en multinacionals (TRADEBE, SUEZ\u00a0ENVIRONNEMENT)\u00a0en el sector de tractament electroqu\u00edmic d&#8217;aig\u00fces. Autor de 3 patents i 3 m\u00e9s en redacci\u00f3.<br><br><\/p><p class=\"icona\"><a class=\"\" href=\"https:\/\/ewatts-tech.com\/ca\/contacte\/\"><span class=\"icon-mail-envelope-closed\"><\/span><\/a><a class=\"\" href=\"https:\/\/www.linkedin.com\/in\/miquel-blasi-b19a271a0\/\" target=\"_blank\" rel=\"noopener\"><span class=\"icon-linkedin1\"><\/span><\/a><\/p><\/div>\n\n\n\n<div class=\"wp-block-ewatts-blocks-profesional maq_col\"><img decoding=\"async\" src=\"https:\/\/ewatts-tech.com\/wp-content\/uploads\/2021\/04\/Adria_Ventura_eWatts_500px.jpg\"\/><p class=\"com_titular_3 \">Adri\u00e0 Ventura<\/p><p class=\"carrec \">Responsable Enginyeria<br><span class=\"has-inline-color has-black-color\">Enginyer Industrial (Universitat Polit\u00e8cnica de Catalunya)<\/span><\/p><p>\u00c0mplia experi\u00e8ncia conjunta amb Miquel\u00a0Blasi\u00a0en desenvolupament de projectes Industrials electroqu\u00edmics.<\/p><p class=\"icona\"><a class=\"\" href=\"https:\/\/ewatts-tech.com\/ca\/contacte\/\"><span class=\"icon-mail-envelope-closed\"><\/span><\/a><a class=\"\" href=\"https:\/\/www.linkedin.com\/in\/adri%C3%A0-ventura-6452373b\" target=\"_blank\" rel=\"noopener\"><span class=\"icon-linkedin1\"><\/span><\/a><\/p><\/div>\n\n\n\n<div class=\"wp-block-ewatts-blocks-profesional maq_col\"><img decoding=\"async\" src=\"https:\/\/ewatts-tech.com\/wp-content\/uploads\/2021\/04\/Luis_Pinardel_eWatts_500px.jpg\"\/><p class=\"com_titular_3 \">Luis Pinardel<\/p><p class=\"carrec \">Product Manager<br><span class=\"has-inline-color has-black-color\">Bi\u00f2leg (Universitat Barcelona)<\/span><\/p><p>\u00c0mplia experi\u00e8ncia en gesti\u00f3 i tractament de residus per a multinacionals (GTR,\u00a0BFI,\u00a0CESPA,\u00a0TRADEBE&#8230;).<\/p><p class=\"icona\"><a class=\"\" href=\"https:\/\/ewatts-tech.com\/ca\/contacte\/\"><span class=\"icon-mail-envelope-closed\"><\/span><\/a><a class=\"\" href=\"https:\/\/www.linkedin.com\/in\/luis-pinardel-estopi%C3%B1an-42436b40\/\" target=\"_blank\" rel=\"noopener\"><span class=\"icon-linkedin1\"><\/span><\/a><\/p><\/div>\n\n\n\n<div class=\"wp-block-ewatts-blocks-profesional maq_col\"><img decoding=\"async\" src=\"https:\/\/ewatts-tech.com\/wp-content\/uploads\/2021\/04\/Enric_Castillo_eWatts_500px.jpg\"\/><p class=\"com_titular_3 \">Enric Castillo<\/p><p class=\"carrec \">Product Manager<br><span class=\"has-inline-color has-black-color\">EDIC (ESADE)<br>PDD (IESE)<\/span><\/p><p>Coneixement exhaustiu del sector ambiental del pur\u00ed i de\u00a0biodigestors.<br>Experi\u00e8ncia comercial en el sector\u00a0<\/p><p class=\"icona\"><a class=\"\" href=\"https:\/\/ewatts-tech.com\/ca\/contacte\/\"><span class=\"icon-mail-envelope-closed\"><\/span><\/a><a class=\"\" href=\"https:\/\/www.linkedin.com\/in\/enriccastillo\/\" target=\"_blank\" rel=\"noopener\"><span class=\"icon-linkedin1\"><\/span><\/a><\/p><\/div>\n\n\n\n<div class=\"wp-block-ewatts-blocks-profesional maq_col\"><img decoding=\"async\" src=\"https:\/\/ewatts-tech.com\/wp-content\/uploads\/2021\/04\/Cristina_Castan\u0303e_eWatts_500px.jpg\"\/><p class=\"com_titular_3 \">Cristina Casta\u00f1\u00e9<\/p><p class=\"carrec \">Direcci\u00f3 Financera \/ Administraci\u00f3<br><span class=\"has-inline-color has-black-color\"><br>Direcci\u00f3 i administraci\u00f3 d&#8217;Empreses (Universitat Aut\u00f2noma de Barcelona)<\/span><\/p><p>Experi\u00e8ncia en direcci\u00f3 financera i administrativa en\u00a0CIDQO\u00a0i en Gestoria Financera.<\/p><p class=\"icona\"><a class=\"\" href=\"https:\/\/ewatts-tech.com\/ca\/contacte\/\"><span class=\"icon-mail-envelope-closed\"><\/span><\/a><a class=\"\" href=\"https:\/\/www.linkedin.com\/in\/Cristina-casta%C3%B1e-izquierdo-9b402442\/\" target=\"_blank\" rel=\"noopener\"><span class=\"icon-linkedin1\"><\/span><\/a><\/p><\/div>\n\n\n\n<div class=\"wp-block-ewatts-blocks-profesional maq_col\"><img decoding=\"async\" src=\"https:\/\/ewatts-tech.com\/wp-content\/uploads\/2021\/04\/Andres_Luckach_eWatts_500px.jpg\"\/><p class=\"com_titular_3 \">Andr\u00e9s Lukach<\/p><p class=\"carrec \">Responsable Laboratori Electroqu\u00edmica<br><span class=\"has-inline-color has-black-color\">Universidad Nacional de C\u00f3rdoba (Argentina)\u00a0<br>PhD. Qu\u00edmicas \u2013 PhD. Qu\u00edmiques \u2013 Dues\u00a0PostDocs\u00a0Universitat de Barcelona \u2013 Facultat de Farm\u00e0cia i Qu\u00edmica<\/span><\/p><p>\u00c0mplia experi\u00e8ncia en s\u00edntesi i tractaments electroqu\u00edmics.<\/p><p class=\"icona\"><a class=\"\" href=\"https:\/\/ewatts-tech.com\/ca\/contacte\/\"><span class=\"icon-mail-envelope-closed\"><\/span><\/a><a class=\"\" href=\"https:\/\/www.linkedin.com\/in\/andres-lukach-69223511\/\" target=\"_blank\" rel=\"noopener\"><span class=\"icon-linkedin1\"><\/span><\/a><\/p><\/div>\n\n\n\n<div class=\"wp-block-ewatts-blocks-profesional maq_col\"><img decoding=\"async\" src=\"https:\/\/ewatts-tech.com\/wp-content\/uploads\/2021\/04\/Raul_Xifra_eWatts_500px.jpg\"\/><p class=\"com_titular_3 \">Raul Xifra<\/p><p class=\"carrec \">Responsable Laboratori S\u00edntesi<span class=\"has-inline-color has-black-color\"><br>Universitat de Girona<br>PhD\u00a0Qu\u00edmiques \u2013 Col\u00b7laborador en\u00a0Research\u00a0per la Universitat de Stanford (Calif\u00f2rnia, USA)<\/span><\/p><p>\u00c0mplia experi\u00e8ncia en s\u00edntesi qu\u00edmica i electroqu\u00edmica.<\/p><p class=\"icona\"><a class=\"\" href=\"https:\/\/ewatts-tech.com\/ca\/contacte\/\"><span class=\"icon-mail-envelope-closed\"><\/span><\/a><a class=\"\" href=\"https:\/\/www.linkedin.com\/in\/ra%C3%BCl-xifra-garcia-732313142\/\" target=\"_blank\" rel=\"noopener\"><span class=\"icon-linkedin1\"><\/span><\/a><\/p><\/div>\n<\/div><\/div><\/div><\/div>\n\n\n\n<div class=\"wp-block-ewatts-blocks-franja mod_ban ombra_text_fosca preview_call_to_action_1 contingut_enmig com_blanc\" style=\"background-image:url('https:\/\/ewatts-tech.com\/wp-content\/uploads\/2021\/03\/aigua2.jpg')\"><div class=\"inner maq_marges_horitzontals\"><div class=\"maq_contenidor\"><div class=\"bloc_contingut\"><h2 class=\"com_titular_1\">Contacta amb nosaltres<\/h2><div class=\"text\"><p>Si est\u00e0s interessat o vols m\u00e9s informaci\u00f3 sobre els nostres serveis o productes, posa&#8217;t en contacte amb nosaltres.<\/p><\/div><p class=\"call_to_action\"><a class=\"com_bt semiblanc normal\" href=\"https:\/\/ewatts-tech.com\/ca\/contacte\/\">CONTACTA<\/a><\/p><\/div><\/div><\/div><\/div>\n\n\n\n<p><\/p>\n","protected":false},"excerpt":{"rendered":"","protected":false},"author":1,"featured_media":0,"parent":0,"menu_order":0,"comment_status":"closed","ping_status":"closed","template":"","meta":{"footnotes":""},"class_list":["post-751","page","type-page","status-publish","hentry"],"_links":{"self":[{"href":"https:\/\/ewatts-tech.com\/ca\/wp-json\/wp\/v2\/pages\/751","targetHints":{"allow":["GET"]}}],"collection":[{"href":"https:\/\/ewatts-tech.com\/ca\/wp-json\/wp\/v2\/pages"}],"about":[{"href":"https:\/\/ewatts-tech.com\/ca\/wp-json\/wp\/v2\/types\/page"}],"author":[{"embeddable":true,"href":"https:\/\/ewatts-tech.com\/ca\/wp-json\/wp\/v2\/users\/1"}],"replies":[{"embeddable":true,"href":"https:\/\/ewatts-tech.com\/ca\/wp-json\/wp\/v2\/comments?post=751"}],"version-history":[{"count":12,"href":"https:\/\/ewatts-tech.com\/ca\/wp-json\/wp\/v2\/pages\/751\/revisions"}],"predecessor-version":[{"id":964,"href":"https:\/\/ewatts-tech.com\/ca\/wp-json\/wp\/v2\/pages\/751\/revisions\/964"}],"wp:attachment":[{"href":"https:\/\/ewatts-tech.com\/ca\/wp-json\/wp\/v2\/media?parent=751"}],"curies":[{"name":"wp","href":"https:\/\/api.w.org\/{rel}","templated":true}]}}