{"id":749,"date":"2021-03-15T17:11:47","date_gmt":"2021-03-15T17:11:47","guid":{"rendered":"https:\/\/ewatts-tech.com\/condiciones-de-uso-y-politica-de-privacidad\/"},"modified":"2021-09-09T12:02:53","modified_gmt":"2021-09-09T10:02:53","slug":"condicions-dus-i-politica-de-privacitat","status":"publish","type":"page","link":"https:\/\/ewatts-tech.com\/ca\/condicions-dus-i-politica-de-privacitat\/","title":{"rendered":"Condicions d&#8217;\u00fas i Pol\u00edtica de privacitat"},"content":{"rendered":"\n<h2 class=\"wp-block-heading\"><a><\/a><strong>Condicions d&#8217;\u00fas i Pol\u00edtica de privacitat<\/strong><\/h2>\n\n\n\n<p><strong>Condicions d&#8217;\u00fas i pol\u00edtica de privacitat<\/strong> per als usuaris de www.ewatts-tech.com:<\/p>\n\n\n\n<p>A Europa i a Espanya existeixen normes de protecci\u00f3 de dades pensades per a protegir la seva informaci\u00f3 personal d&#8217;obligat compliment per a la nostra entitat.<\/p>\n\n\n\n<p>Per aix\u00f2, \u00e9s molt important per a nosaltres que entengui perfectament qu\u00e8 farem amb les dades personals que li demanem.<\/p>\n\n\n\n<p>Aix\u00ed, serem transparents i li donarem el control de les seves dades, amb un llenguatge senzill i opcions clares que li permetran decidir qu\u00e8 farem amb la seva informaci\u00f3 personal.<\/p>\n\n\n\n<p>Si us plau, si una vegada llegida la present informaci\u00f3 li queda algun dubte, no dubti a preguntar-nos.<\/p>\n\n\n\n<p>Moltes gr\u00e0cies per la seva col\u00b7laboraci\u00f3.<\/p>\n\n\n\n<p>Estem a la seva disposici\u00f3, no dubti a contactar amb nosaltres.<\/p>\n\n\n\n<p><strong>Qui som?<\/strong><\/p>\n\n\n\n<ul class=\"wp-block-list\"><li>La nostra denominaci\u00f3: <strong>e-WATTS TECHNOLOGIES SL<\/strong><\/li><li>El nostre CIF \/ NIF: <strong>B67367565<\/strong><\/li><li>La nostra activitat principal: <strong>Constitueix l&#8217;objecte de la nostra societat la s\u00edntesi de productes o reactius qu\u00edmic farmac\u00e8utics aix\u00ed com la consultoria, an\u00e0lisi i gesti\u00f3 de qualsevol activitat relacionada amb el medi ambient, i desenvolupament de tecnologies derivades d&#8217;aquesta, aix\u00ed com la fabricaci\u00f3, comercialitzaci\u00f3, distribuci\u00f3, importaci\u00f3 i exportaci\u00f3 de tota classe d&#8217;objectes i activitats relacionats amb aquest.<\/strong><\/li><li>La nostra adre\u00e7a: <strong>POL. IND. CA VERDALET c\/D N\u00fam. 91, CP 08490, TORDERA (Barcelona)<\/strong><\/li><li>El nostre tel\u00e8fon de contacte: <strong>937645317<\/strong><\/li><li>La nostra adre\u00e7a de correu electr\u00f2nic de contacte: <strong>info@ewatts-tech.com<\/strong><\/li><li>La nostra p\u00e0gina web: <strong>www.ewatts-tech.com<\/strong><\/li><li>Per a la seva confian\u00e7a i seguretat, l&#8217;informem que som una entitat inscrita en el seg\u00fcent Registre Mercantil \/Registre P\u00fablic: Registre Mercantil de Barcelona, en el tom 46.778, foli 96, fulla B-530616.<\/li><\/ul>\n\n\n\n<p><strong>Per a qu\u00e8 usarem les seves dades?<\/strong><\/p>\n\n\n\n<p>Amb car\u00e0cter general, les seves dades personals seran usats per a poder relacionar-nos amb vost\u00e8 i poder prestar-li els nostres serveis.<\/p>\n\n\n\n<p>Aix\u00ed mateix, tamb\u00e9 poden ser usats per a altres activitats, com enviar-li publicitat o promocionar les nostres activitats.<\/p>\n\n\n\n<p><strong>Per qu\u00e8 necessitem usar les seves dades?<\/strong><\/p>\n\n\n\n<p>Les seves dades personals s\u00f3n necessaris per a poder relacionar-nos amb vost\u00e8 i poder prestar-li els nostres serveis. En aquest sentit, posarem a la seva disposici\u00f3 una s\u00e8rie de caselles que li permetran decidir de manera clara i senzilla sobre l&#8217;\u00fas de la seva informaci\u00f3 personal.<\/p>\n\n\n\n<p><strong>Qui coneixer\u00e0 la informaci\u00f3 que li demanem?<\/strong><\/p>\n\n\n\n<p>Amb car\u00e0cter general, nom\u00e9s el personal de la nostra entitat que estigui degudament autoritzat podr\u00e0 tenir coneixement de la informaci\u00f3 que li demanem.<\/p>\n\n\n\n<p>D&#8217;igual manera, podran tenir coneixement de la seva informaci\u00f3 personal aquelles entitats que necessitin tenir acc\u00e9s a la mateixa perqu\u00e8 puguem prestar-li els nostres serveis. Aix\u00ed per exemple, el nostre banc coneixer\u00e0 les seves dades si el pagament dels nostres serveis es realitza mitjan\u00e7ant targeta o transfer\u00e8ncia banc\u00e0ria.<\/p>\n\n\n\n<p>Aix\u00ed mateix, tindran coneixement de la seva informaci\u00f3 aquelles entitats p\u00fabliques o privades a les quals estiguem obligats a facilitar les seves dades personals amb motiu del compliment d&#8217;alguna llei. Posant-li un exemple, la Llei Tribut\u00e0ria obliga a facilitar a l&#8217;Ag\u00e8ncia Tribut\u00e0ria determinada informaci\u00f3 sobre operacions econ\u00f2miques que superin una determinada quantitat.<\/p>\n\n\n\n<p>En el cas que, al marge dels sup\u00f2sits comentats, necessitem donar a con\u00e8ixer la seva informaci\u00f3 personal a altres entitats, li sol\u00b7licitarem pr\u00e8viament el seu perm\u00eds a trav\u00e9s d&#8217;opcions clares que li permetran decidir referent a aix\u00f2.<\/p>\n\n\n\n<p><strong>Com protegirem les seves dades?<\/strong><\/p>\n\n\n\n<p>Protegirem les seves dades amb mesures de seguretat eficaces en funci\u00f3 dels riscos que comporti l&#8217;\u00fas de la seva informaci\u00f3.<\/p>\n\n\n\n<p>Per a aix\u00f2, la nostra entitat ha aprovat una Pol\u00edtica de Protecci\u00f3 de Dades i es realitzen controls i auditories anuals per a verificar que les seves dades personals estan segurs en tot moment.<\/p>\n\n\n\n<p><strong>Enviarem les seves dades a altres pa\u00efsos?<\/strong><\/p>\n\n\n\n<p>En el m\u00f3n hi ha pa\u00efsos que s\u00f3n segurs per a les seves dades i altres que no ho s\u00f3n tant. Aix\u00ed per exemple, la Uni\u00f3 Europea \u00e9s un entorn segur per a les seves dades. La nostra pol\u00edtica \u00e9s no enviar la seva informaci\u00f3 personal a cap pa\u00eds que no sigui segur des del punt de vista de la protecci\u00f3 de les seves dades.<\/p>\n\n\n\n<p>En el cas que, amb motiu de prestar-li el servei, sigui imprescindible enviar les seves dades a un pa\u00eds que no sigui tan segur com Espanya, sempre li sol\u00b7licitarem pr\u00e8viament el seu perm\u00eds i aplicarem mesures de seguretat eficaces que redueixin els riscos de l&#8217;enviament de la seva informaci\u00f3 personal a un altre pa\u00eds.<\/p>\n\n\n\n<p><strong>Durant quant temps conservarem les seves dades?<\/strong><\/p>\n\n\n\n<p>Conservarem les seves dades durant la nostra relaci\u00f3 i mentre ens obliguin les lleis. Una vegada finalitzats els terminis legals aplicables, procedirem a eliminar-los de manera segura i respectuosa amb el medi ambient.<\/p>\n\n\n\n<p><strong>Quins s\u00f3n els seus drets de protecci\u00f3 de dades?<\/strong><\/p>\n\n\n\n<p>En qualsevol moment pot dirigir-se a nosaltres per a saber quina informaci\u00f3 tenim sobre vost\u00e8, rectificar-la si an\u00e9s incorrecta i eliminar-la una vegada finalitzada la nostra relaci\u00f3, en el cas que aix\u00f2 sigui legalment possible.<\/p>\n\n\n\n<p>Tamb\u00e9 t\u00e9 dret a sol\u00b7licitar el trasp\u00e0s de la seva informaci\u00f3 a una altra entitat. Aquest dret es diu \u201cportabilitat\u201d i pot ser \u00fatil en determinades situacions.<\/p>\n\n\n\n<p>Per a sol\u00b7licitar algun d&#8217;aquests drets, haur\u00e0 de realitzar una sol\u00b7licitud escrita a la nostra adre\u00e7a, juntament amb una fotoc\u00f2pia del seu DNI, per a poder identificar-li.<\/p>\n\n\n\n<p><strong>Pot retirar el seu consentiment si canvia d&#8217;opini\u00f3 en un moment posterior?<\/strong><\/p>\n\n\n\n<p>Vost\u00e8 pot retirar el seu consentiment si canvia d&#8217;opini\u00f3 sobre l&#8217;\u00fas de les seves dades en qualsevol moment.<\/p>\n\n\n\n<p>Aix\u00ed per exemple, si vost\u00e8 en el seu moment va estar interessat\/a a rebre publicitat dels nostres productes o serveis, per\u00f2 ja no desitja rebre m\u00e9s publicitat, pot fer-nos-ho constar a trav\u00e9s del formulari d&#8217;oposici\u00f3 al tractament disponible en les oficines de la nostra entitat.<\/p>\n\n\n\n<p><strong>En cas que entengui que els seus drets han estat desatesos, on pot formular una reclamaci\u00f3?<\/strong><\/p>\n\n\n\n<p>En cas que entengui que els seus drets han estat desatesos per la nostra entitat, pot formular una reclamaci\u00f3 en l&#8217;Ag\u00e8ncia Espanyola de Protecci\u00f3 de Dades, a trav\u00e9s d&#8217;algun dels mitjans seg\u00fcents:<\/p>\n\n\n\n<p>Seu electr\u00f2nica: www.agpd.es<\/p>\n\n\n\n<p>Adre\u00e7a postal:<\/p>\n\n\n\n<p>Ag\u00e8ncia Espanyola de Protecci\u00f3 de Dades<br>C\/ Jorge Juan, 6<br>28001-Madrid<\/p>\n\n\n\n<p>Via telef\u00f2nica:<\/p>\n\n\n\n<p>Tel. 901 100 099<br>Tel. 91 266 35 17<\/p>\n\n\n\n<p>Formular una reclamaci\u00f3 en l&#8217;Ag\u00e8ncia Espanyola de Protecci\u00f3 de Dades no comporta cap cost i no \u00e9s necess\u00e0ria l&#8217;assist\u00e8ncia d&#8217;advocat ni procurador.<\/p>\n\n\n\n<p><strong>Elaborarem perfils sobre vost\u00e8?<\/strong><\/p>\n\n\n\n<p>La nostra pol\u00edtica \u00e9s no elaborar perfils sobre els usuaris dels nostres serveis.<\/p>\n\n\n\n<p>No obstant aix\u00f2, poden existir situacions en les quals, amb finalitats de prestaci\u00f3 del servei, comercials o d&#8217;un altre tipus, necessitem elaborar perfils d&#8217;informaci\u00f3 sobre vost\u00e8. Un exemple pogu\u00e9s ser la utilitzaci\u00f3 del seu historial de compres o serveis per a poder oferir-li productes o serveis adaptats als seus gustos o necessitats.<\/p>\n\n\n\n<p>En tal cas, aplicarem mesures de seguretat eficaces que protegeixin la seva informaci\u00f3 en tot moment de persones no autoritzades que pretenguin utilitzar-la en el seu propi benefici.<\/p>\n\n\n\n<p><strong>Usarem les seves dades per a altres fins?<\/strong><\/p>\n\n\n\n<p>La nostra pol\u00edtica \u00e9s no usar les seves dades per a altres finalitats diferents a les que li hem explicat. Si, no obstant aix\u00f2, necessit\u00e9ssim usar les seves dades per a activitats diferents, sempre li sol\u00b7licitarem pr\u00e8viament el seu perm\u00eds a trav\u00e9s d&#8217;opcions clares que li permetran decidir sobre aquest tema.<\/p>\n\n\n\n<p><strong>Informaci\u00f3 general del titular del lloc web:<\/strong><\/p>\n\n\n\n<p>En compliment del que es disposa en l&#8217;article 9 de la Llei 34\/2002, d&#8217;11 de juliol, de serveis de la societat de la informaci\u00f3 i de comer\u00e7 electr\u00f2nic informem els nostres usuaris que el titular del lloc web situat en el domini www.ewatts-tech.com \u00e9s e-Watts technologies S.L. amb C.I.F B67367565, domiciliada en la Pol\u00edgon Industrial Ca Verdalet, Carrer D Nau 91, Tordera, 08490 Espanya, inscrita en el Registre Mercantil de Barcelona, Tom 46.778, foli 96, fulla B-530616.<\/p>\n\n\n\n<p>L&#8217;exploraci\u00f3 del lloc web de e-Watts technologies S.L., situat en el domini www.ewatts-tech.com, i de qualsevol de les p\u00e0gines a les quals a trav\u00e9s del mateix es pugui accedir, implica que l&#8217;usuari ent\u00e9n i accepta les \u201cCondicions d&#8217;\u00fas\u201d i la \u201cPol\u00edtica de Privacitat\u201d i d&#8217;aquest lloc web. En cas que no estigui d&#8217;acord amb els termes i condicions descrits en aquests textos legals, l&#8217;usuari ha d&#8217;abstenir-se d&#8217;utilitzar aquest lloc web.<\/p>\n\n\n\n<p><strong>Productes i serveis:<\/strong><\/p>\n\n\n\n<p>Mitjan\u00e7ant aquest lloc web, e-Watts technologies S.L. posa a la disposici\u00f3 dels usuaris informaci\u00f3 gratu\u00efta respecte dels productes i serveis prestats per la societat. La informaci\u00f3 oferta no constitueix una oferta comercial, sent necessari establir relaci\u00f3 individual i directa amb la gestora per a con\u00e8ixer les caracter\u00edstiques de les seves inversions i els requisits de comercialitzaci\u00f3. En tot cas, la contractaci\u00f3 dels productes i serveis de e-Watts technologies S.L. es regir\u00e0 per les seves Condicions Generals i Particulars de Contractaci\u00f3.<\/p>\n\n\n\n<p><strong>Propietat intel\u00b7lectual i industrial:<\/strong><\/p>\n\n\n\n<p>Tots els dissenys, marques, logotips, noms, imatges, gr\u00e0fics, icones i altre contingut del lloc web s\u00f3n titularitat de e-Watts technologies S.L., gaudint en conseq\u00fc\u00e8ncia de la protecci\u00f3 pr\u00f2pia prevista per la normativa aplicable sobre la propietat industrial i intel\u00b7lectual. En cap cas l&#8217;acc\u00e9s al lloc web implica cessi\u00f3 per part de e-Watts technologies S.L. de tals drets als usuaris. Els usuaris del lloc web poden fer \u00fas privat del mateix i del seu contingut. En cap cas podran fer \u00fas comercial d&#8217;aquests, ni alterar-los en qualsevol manera, reproduir-los m\u00e9s enll\u00e0 del seu \u00fas privat, distribuir-los o comunicar-los p\u00fablicament. Aix\u00ed mateix, queda estrictament prohibida la utilitzaci\u00f3 dels continguts del lloc web amb qualsevol prop\u00f2sit o de qualsevol manera diferent de la permesa per e-Watts technologies S.L. en les presents \u201cCondicions d&#8217;\u00fas\u201d. Els continguts, textos, logotips, dissenys, imatges, fotografies, i, en general, qualsevol creaci\u00f3 intel\u00b7lectual existent en aquest lloc web, aix\u00ed com el propi lloc en el seu conjunt com a obra art\u00edstica multim\u00e8dia, han estat degudament registrats i, en conseq\u00fc\u00e8ncia, estan protegits com a drets d&#8217;autor per la legislaci\u00f3 en mat\u00e8ria de propietat intel\u00b7lectual. En cas que els usuaris desitgin utilitzar les marques, logotips, noms o qualsevol altre signe distintiu disponibles en el lloc web de e-Watts technologies S.L., poden sol\u00b7licitar l&#8217;autoritzaci\u00f3 necess\u00e0ria posant-se en contacte amb la societat, dirigint-se a la mateixa pels mitjans de contacte indicats en les presents \u201cCondicions d&#8217;\u00fas\u201d.<\/p>\n\n\n\n<p>L&#8217;usuari d&#8217;aquest lloc web es compromet a respectar els drets esmentats i a evitar qualsevol actuaci\u00f3 que pogu\u00e9s perjudicar-los. Qualsevol c\u00f2pia o \u00fas no autoritzat del disseny o continguts del lloc web que difereixi de l&#8217;expressament perm\u00e8s per e-Watts technologies S.L., en el seu car\u00e0cter de titular dels drets de propietat intel\u00b7lectual sobre aquest, afectar\u00e0 els seus drets i, en conseq\u00fc\u00e8ncia, legitimar\u00e0 a e-Watts technologies S.L. per a l&#8217;exercici de quantes accions, tant civils com penals, emparin els seus leg\u00edtims drets de propietat intel\u00b7lectual i industrial.<\/p>\n\n\n\n<p><strong>Acc\u00e9s al lloc web:<\/strong> L&#8217;acc\u00e9s a aquest lloc web \u00e9s lliure i gratu\u00eft.<\/p>\n\n\n\n<p><strong>Enlla\u00e7os:<\/strong><\/p>\n\n\n\n<p>Aquest lloc web cont\u00e9 enlla\u00e7os amb altres llocs web que no s\u00f3n editats, controlats, mantinguts o supervisats per e-Watts technologies S.L., no sent responsable aquesta del contingut d&#8217;aquests llocs web. El contingut dels mateixos \u00e9s responsabilitat dels seus respectius titulars i e-Watts technologies S.L. no garanteix ni aprova aquests continguts. La funci\u00f3 dels links que apareixen en aquesta p\u00e0gina \u00e9s exclusivament la d&#8217;informar l&#8217;usuari sobre l&#8217;exist\u00e8ncia d&#8217;altres fonts d&#8217;informaci\u00f3 sobre la mat\u00e8ria corresponent en internet, on podr\u00e0 ampliar les dades ofertes en aquest lloc web. e-Watts technologies S.L. no ser\u00e0 en cap cas responsable del resultat obtingut a trav\u00e9s d&#8217;aquests enlla\u00e7os. Aquells usuaris que desitgin establir enlla\u00e7os al present lloc web hauran d&#8217;abstenir-se de realitzar manifestacions falses, inexactes o incorrectes sobre el mateix o el seu contingut. En cap cas es declarar\u00e0 ni es donar\u00e0 a entendre que e-Watts technologies S.L. autoritza l&#8217;enlla\u00e7, o que supervisa, aprova o assumeix de qualsevol forma els continguts o serveis oferts o llocs a disposici\u00f3 en la p\u00e0gina web en la qual s&#8217;estableixi l&#8217;enlla\u00e7 al lloc web. L&#8217;establiment de l&#8217;enlla\u00e7 no implica en cap cas l&#8217;exist\u00e8ncia de cap relaci\u00f3 entre e-Watts technologies S.L. i el titular de la p\u00e0gina web en la qual s&#8217;estableixi el mateix. Queda prohibit l&#8217;establiment d&#8217;enlla\u00e7os al lloc web en p\u00e0gines web que incloguin informaci\u00f3 o continguts il\u00b7l\u00edcits, immorals o contraris als bons costums, a l&#8217;ordre p\u00fablic, als usos acceptats en internet o que de qualsevol forma contravinguin drets de tercers. Els enlla\u00e7os que, respectant les exig\u00e8ncies anteriorment exposades, s&#8217;estableixin al lloc web des d&#8217;altres p\u00e0gines web permetran l&#8217;acc\u00e9s a aquest, per\u00f2 no reproduiran el seu contingut en cap forma. En el cas que e-Watts technologies S.L., tingu\u00e9s coneixement efectiu que l&#8217;activitat o la informaci\u00f3 a la qual remeten aquests enlla\u00e7os \u00e9s il\u00b7l\u00edcita, constitutiva de delicte o que pot lesionar b\u00e9ns o drets de tercers susceptibles d&#8217;indemnitzaci\u00f3, actuar\u00e0 amb la dilig\u00e8ncia necess\u00e0ria per a suprimir o inutilitzar l&#8217;enlla\u00e7 corresponent com m\u00e9s aviat millor.<\/p>\n\n\n\n<p><strong>Intercanvi o difusi\u00f3 d&#8217;informaci\u00f3.<\/strong><\/p>\n\n\n\n<p>e-Watts technologies S.L. declina tota responsabilitat derivada de l&#8217;intercanvi d&#8217;informaci\u00f3 entre usuaris a trav\u00e9s de la seva p\u00e0gina web. Especialment no es fa responsable de l&#8217;\u00fas que els menors puguin fer d&#8217;ella en cas que els continguts al fet que tinguin acc\u00e9s puguin ferir la seva sensibilitat.<\/p>\n\n\n\n<p>Des de e-Watts technologies S.L. no es garanteix l&#8217;abs\u00e8ncia de virus i altres elements que puguin causar danys en els sistemes inform\u00e0tics, els documents electr\u00f2nics o els fitxers d&#8217;usuari d&#8217;aquesta p\u00e0gina web o de p\u00e0gines web de tercers, i no es responsabilitza dels danys i perjudicis que es puguin arribar a produir per aquests motius. e-Watts technologies S.L. no respondr\u00e0 per qualsevol mal o perjudici que es pogu\u00e9s donar a causa d&#8217;una circumst\u00e0ncia de for\u00e7a major, com: error en les l\u00ednies de comunicacions, defectes en el Maquinari i Programari dels usuaris, fallades en la xarxa d&#8217;Internet (de connexi\u00f3, en les p\u00e0gines enlla\u00e7ades).<\/p>\n\n\n\n<p><strong>Actualitzacions:<\/strong><\/p>\n\n\n\n<p>e-Watts technologies S.L. no garanteix la total actualitzaci\u00f3, exactitud i\/o disponibilitat en tot moment dels continguts del seu lloc web, si b\u00e9 fa tot el possible perqu\u00e8 aix\u00ed sigui. A pesar que e-Watts technologies S.L. desitja prestar als seus usuaris a trav\u00e9s del lloc web un servei continuat, el mateix podria ser interromput per circumst\u00e0ncies de diversa \u00edndole. En tal cas, e-Watts technologies S.L. intentaria minimitzar les conseq\u00fc\u00e8ncies d&#8217;aquesta interrupci\u00f3 perqu\u00e8 els seus usuaris es vegin afectats en la menor mesura possible, sempre que aix\u00f2 fos possible, no responsabilitzant-se en cap cas dels perjudicis que pugui suposar per a l&#8217;usuari la interrupci\u00f3 del servei d&#8217;acc\u00e9s al present lloc web.<\/p>\n\n\n\n<p><strong>Comunicacions comercials:<\/strong><\/p>\n\n\n\n<p>En compliment del que es disposa en l&#8217;article 21 de la Llei 34\/2002, d&#8217;11 de juliol, de serveis de la societat de la informaci\u00f3 i de comer\u00e7 electr\u00f2nic, mitjan\u00e7ant l&#8217;acceptaci\u00f3 d&#8217;aquestes \u201cCondicions d&#8217;\u00fas\u201d, l&#8217;usuari autoritza expressament e-Watts technologies S.L. a remetre-li a l&#8217;adre\u00e7a d&#8217;e-mail que proporcioni com a contacte comunicacions comercials promocionals o publicit\u00e0ries, tret que expressament manifesti la seva oposici\u00f3. L&#8217;usuari podr\u00e0 abstenir-se d&#8217;acceptar aquest tipus de tractament de dades, a trav\u00e9s del marcat del chekbox que es facilita de manera espec\u00edfica en el nostre formulari de contacte.<\/p>\n\n\n\n<p><strong>Actualitzaci\u00f3 i modificaci\u00f3 de la p\u00e0gina web:<\/strong><\/p>\n\n\n\n<p>e-Watts technologies S.L. es reserva el dret d&#8217;actualitzar, modificar o eliminar la informaci\u00f3 continguda en aquesta p\u00e0gina web, i la seva configuraci\u00f3 o presentaci\u00f3, en qualsevol moment, sense previ av\u00eds i sense assumir cap mena de responsabilitat per fer-lo.<\/p>\n\n\n\n<p><strong>Tractament de dades de l&#8217;usuari:<\/strong><\/p>\n\n\n\n<p>Quan l&#8217;usuari facilita les seves dades de car\u00e0cter personal utilitzant el formulari de contacte exposat en la web, est\u00e0 autoritzant expressament e-Watts technologies S.L. al tractament de les seves dades personals per a poder atendre les seves peticions o consultes i per a mantenir-li informat sobre els serveis de e-Watts technologies S.L., pr\u00e8via obtenci\u00f3 de la seva autoritzaci\u00f3 expressa. Aquestes dades s&#8217;inclouran en un fitxer titularitat de e-Watts technologies S.L. que comptar\u00e0 amb totes les mesures de seguretat, necess\u00e0ries i exigides per la normativa vigent en mat\u00e8ria de Protecci\u00f3 de Dades d&#8217;acord amb el que s&#8217;estableix en el RGPD (UE) 2016\/679 i altra normativa vigent.<\/p>\n\n\n\n<p>e-Watts technologies S.L. no cedir\u00e0 o comunicar\u00e0 a tercers les dades recaptades sense previ consentiment expr\u00e9s de l&#8217;usuari, excepte en el cas que la comunicaci\u00f3 sigui necess\u00e0ria per a prestar-li el servei que l&#8217;usuari ens hagi sol\u00b7licitat. L&#8217;usuari respondr\u00e0, en qualsevol cas, de la veracitat de les dades facilitades, i de la seva exactitud i pertin\u00e8ncia, reservant-se e-Watts technologies S.L. el dret a excloure dels serveis registrats a tot usuari que hagi facilitat dades falses, inadequats, inexactes, sense perjudici de les altres accions que procedeixin en Dret.<\/p>\n\n\n\n<p>L&#8217;usuari podr\u00e0 exercitar els seus drets d&#8217;acc\u00e9s, rectificaci\u00f3, cancel\u00b7laci\u00f3 i oposici\u00f3 i altres reconeguts per Llei, dirigint-se per escrit a e-Watts technologies S.L. Responsable del Fitxer, situat en l&#8217;adre\u00e7a facilitada en l&#8217;encap\u00e7alament o a trav\u00e9s del mail <a href=\"mailto:info@ewatts-tech.com\"><strong>info@ewatts-tech.com<\/strong><\/a><\/p>\n\n\n\n<p><strong>Legislaci\u00f3 i jurisdicci\u00f3 aplicable:<\/strong><\/p>\n\n\n\n<p>Amb car\u00e0cter general, les relacions amb els usuaris, derivades de la prestaci\u00f3 de serveis continguts en aquesta p\u00e0gina web, estan sotmeses a la legislaci\u00f3 i jurisdicci\u00f3 espanyola.<\/p>\n","protected":false},"excerpt":{"rendered":"<p>Condicions d&#8217;\u00fas i Pol\u00edtica de privacitat Condicions d&#8217;\u00fas i pol\u00edtica de privacitat per als usuaris de www.ewatts-tech.com: A Europa i a Espanya existeixen normes de protecci\u00f3 de dades pensades per [&hellip;]<\/p>\n","protected":false},"author":1,"featured_media":0,"parent":0,"menu_order":0,"comment_status":"closed","ping_status":"closed","template":"maq_privacidad.php","meta":{"footnotes":""},"class_list":["post-749","page","type-page","status-publish","hentry"],"_links":{"self":[{"href":"https:\/\/ewatts-tech.com\/ca\/wp-json\/wp\/v2\/pages\/749","targetHints":{"allow":["GET"]}}],"collection":[{"href":"https:\/\/ewatts-tech.com\/ca\/wp-json\/wp\/v2\/pages"}],"about":[{"href":"https:\/\/ewatts-tech.com\/ca\/wp-json\/wp\/v2\/types\/page"}],"author":[{"embeddable":true,"href":"https:\/\/ewatts-tech.com\/ca\/wp-json\/wp\/v2\/users\/1"}],"replies":[{"embeddable":true,"href":"https:\/\/ewatts-tech.com\/ca\/wp-json\/wp\/v2\/comments?post=749"}],"version-history":[{"count":3,"href":"https:\/\/ewatts-tech.com\/ca\/wp-json\/wp\/v2\/pages\/749\/revisions"}],"predecessor-version":[{"id":1234,"href":"https:\/\/ewatts-tech.com\/ca\/wp-json\/wp\/v2\/pages\/749\/revisions\/1234"}],"wp:attachment":[{"href":"https:\/\/ewatts-tech.com\/ca\/wp-json\/wp\/v2\/media?parent=749"}],"curies":[{"name":"wp","href":"https:\/\/api.w.org\/{rel}","templated":true}]}}